{"id":55,"date":"2015-10-04T16:15:26","date_gmt":"2015-10-04T15:15:26","guid":{"rendered":"http:\/\/www.asadlis-amazigh.com\/fr\/?page_id=55"},"modified":"2016-01-21T19:01:50","modified_gmt":"2016-01-21T18:01:50","slug":"qui-est-ammar-negadi","status":"publish","type":"page","link":"https:\/\/www.asadlis-amazigh.com\/fr\/qui-est-ammar-negadi\/","title":{"rendered":"Qui est Ammar Negadi?"},"content":{"rendered":"<div class=\"wrap block-3 pad-2\">\n<p><a href=\"https:\/\/i2.wp.com\/www.asadlis-amazigh.com\/fr\/wp-content\/uploads\/2015\/10\/ammar-negadi.png\"><img data-attachment-id=\"126\" data-permalink=\"https:\/\/www.asadlis-amazigh.com\/fr\/qui-est-ammar-negadi\/ammar-negadi\/\" data-orig-file=\"https:\/\/i2.wp.com\/www.asadlis-amazigh.com\/fr\/wp-content\/uploads\/2015\/10\/ammar-negadi.png?fit=381%2C523&amp;ssl=1\" data-orig-size=\"381,523\" data-comments-opened=\"1\" data-image-meta=\"{&quot;aperture&quot;:&quot;0&quot;,&quot;credit&quot;:&quot;&quot;,&quot;camera&quot;:&quot;&quot;,&quot;caption&quot;:&quot;&quot;,&quot;created_timestamp&quot;:&quot;0&quot;,&quot;copyright&quot;:&quot;&quot;,&quot;focal_length&quot;:&quot;0&quot;,&quot;iso&quot;:&quot;0&quot;,&quot;shutter_speed&quot;:&quot;0&quot;,&quot;title&quot;:&quot;&quot;,&quot;orientation&quot;:&quot;0&quot;}\" data-image-title=\"ammar-negadi\" data-image-description=\"\" data-image-caption=\"\" data-medium-file=\"https:\/\/i2.wp.com\/www.asadlis-amazigh.com\/fr\/wp-content\/uploads\/2015\/10\/ammar-negadi.png?fit=219%2C300&amp;ssl=1\" data-large-file=\"https:\/\/i2.wp.com\/www.asadlis-amazigh.com\/fr\/wp-content\/uploads\/2015\/10\/ammar-negadi.png?fit=381%2C523&amp;ssl=1\" loading=\"lazy\" class=\"alignleft wp-image-126 size-thumbnail\" src=\"https:\/\/i1.wp.com\/www.asadlis-amazigh.com\/fr\/wp-content\/uploads\/2015\/10\/ammar-negadi-150x150.png?resize=150%2C150\" alt=\"ammar-negadi\" width=\"150\" height=\"150\" srcset=\"https:\/\/i2.wp.com\/www.asadlis-amazigh.com\/fr\/wp-content\/uploads\/2015\/10\/ammar-negadi.png?resize=150%2C150&amp;ssl=1 150w, https:\/\/i2.wp.com\/www.asadlis-amazigh.com\/fr\/wp-content\/uploads\/2015\/10\/ammar-negadi.png?zoom=2&amp;resize=150%2C150&amp;ssl=1 300w\" sizes=\"(max-width: 150px) 100vw, 150px\" data-recalc-dims=\"1\" \/><\/a><\/p>\n<p class=\"p5\" style=\"text-align: justify;\">Ammar Negadi est le pionnier du militantisme amazigh dans les Aur\u00e8s. Homme courageux, int\u00e8gre et entier. Il a ouvert les portes \u00e0 des milliers de jeunes chaouis qui poursuivent\u00a0aujourd&rsquo;hui son combat.<\/p>\n<\/div>\n<div class=\"wrap block-3 pad-2\">\n<h3 class=\"p6\" style=\"text-align: justify;\"><\/h3>\n<h3 class=\"p6\" style=\"text-align: justify;\"><\/h3>\n<h3 class=\"p6\" style=\"text-align: justify;\"><\/h3>\n<h3 class=\"p6\" style=\"text-align: justify;\">Dates cl\u00e9s&#8230;<\/h3>\n<ul>\n<li class=\"box-1\" style=\"text-align: justify;\"><strong>1943<\/strong>\u00a0 Naissance de M. Ammar Negadi \u00e0 Thamerwant &#8211; Batna dans les Aur\u00e8s.<\/li>\n<li class=\"box-1\" style=\"text-align: justify;\"><strong>1966<\/strong>\u00a0 Ammar Negadi fut l&rsquo;un des premiers membres de l&rsquo;acad\u00e9mie berb\u00e8re \u00ab\u00a0Agraw n imazighen\u00a0\u00bb.<\/li>\n<li class=\"box-1\" style=\"text-align: justify;\"><strong>1970\u00a0<\/strong>Il ouvre la premi\u00e8re libraire amazighe \u00ab\u00a0Adlis Amazigh\u00a0\u00bb \u00e0 rue L\u00e9on Frot &#8211; Paris. Rendez-vous incontournables de tous les amazighs avides de connaissances sur leur culture et leur identit\u00e9.<\/li>\n<li class=\"box-1 p4\" style=\"text-align: justify;\"><strong>1971<\/strong>\u00a0 Ammar Negadi fonde l\u2019Union du peuple amazigh \u00ab\u00a0UPA\u00a0\u00bb ou thedhiwth n aghmif imazighen. qui sera un point central pour de beaucoup de ses travaux.<\/li>\n<li class=\"box-1 p4\" style=\"text-align: justify;\"><strong>1972<\/strong>\u00a0 Il lance la revue culturelle \u00ab\u00a0Asaghen\u00a0\u00bb qui veut dire lien. Un mensuel qui promeut la culture amazighe.<\/li>\n<li class=\"box-1 p4\" style=\"text-align: justify;\"><strong>1972<\/strong>\u00a0 Ammar entame des travaux sur l&rsquo;ancien Tifinagh qui aboutiront sur la cr\u00e9ation du neo-Tifinagh, adopt\u00e9 par l&rsquo;IRCAM et utilis\u00e9 partout aujurd&rsquo;hui.<\/li>\n<li class=\"box-1 p4\" style=\"text-align: justify;\">\n<div class=\"box-1 p4\"><strong>1975<\/strong>\u00a0 Apr\u00e8s recherches approfondie, il \u00e9dite la premi\u00e8re liste des pr\u00e9noms amazighs contenant 750 pr\u00e9noms. Cette liste sera en partie utilis\u00e9e plus tard pour par le minist\u00e8re de l&rsquo;int\u00e9rieur pour \u00e9tablir la liste des pr\u00e9noms amazighs accept\u00e9s \u00e0 l\u2019\u00e9tat civil alg\u00e9rien en 2013.<\/div>\n<\/li>\n<li class=\"box-1 p4\" style=\"text-align: justify;\">\n<div class=\"box-1 p4\"><strong>1980<\/strong>\u00a0Il cr\u00e9e le premier calendrier amazigh et associe ce dernier \u00e0 l&rsquo;intronisation de Chechnaq comme Pharaon d&rsquo;Egypte. l&rsquo;an 1980 correspondra d\u00e9sormais \u00e0 2930 de l&rsquo;\u00e8re amazighe.<\/div>\n<\/li>\n<li class=\"box-1 p4\" style=\"text-align: justify;\">\n<div class=\"box-1 p4\"><strong>1994<\/strong>\u00a0 Il cr\u00e9e l&rsquo;association chaouie \u00ab\u00a0Awras Ichawiyen\u00a0\u00bb \u00e0 Paris pour promouvoir la culture chaouie et regrouper les chaouis de France autour de la culture chaouie des Aur\u00e8s.<\/div>\n<\/li>\n<li class=\"box-1 p4\" style=\"text-align: justify;\">\n<div class=\"box-1 p4\"><strong>1997<\/strong>\u00a0 Ammar Negadi, Djemaa Djoghlal, Abdarrahmane Bouali -deux autres grandes figures du militantisme auressien- collaborent sur le site <a class=\"link\" href=\"http:\/\/www.asadlis-amazigh.com\/aureschaouia.free.fr\">aureschaouia.free.fr<\/a>, o\u00f9 ils publient une partie de leurs travaux.<\/div>\n<\/li>\n<li class=\"box-1 p4\">\n<div class=\"box-1 p4\" style=\"text-align: justify;\"><strong>2008<\/strong> -Ammar Negadi s&rsquo;\u00e9teint dans un h\u00f4pital parisien apr\u00e8s un long combat contre la maladie. Paix \u00e0 son \u00e2me.<\/div>\n<\/li>\n<\/ul>\n<blockquote><p>\u00ab\u00a0Vive Tamazgha libre, unie et amazighe. Vive Tamazgha o\u00f9 aucun amazigh n\u2019opprime ni domine ni m\u00e9prise l\u2019autre parce qu\u2019il n\u2019est pas de son bord ou de sa r\u00e9gion.Vive Tamazgha dans l\u2019honneur, l&rsquo;honn\u00eatet\u00e9 et la propret\u00e9 au sens propre comme au sens figur\u00e9\u00a0\u00bb <strong>Ammar Negadi<\/strong>.<\/p><\/blockquote>\n<\/div>\n","protected":false},"excerpt":{"rendered":"<p>Ammar Negadi est le pionnier du militantisme amazigh dans les Aur\u00e8s. Homme courageux, int\u00e8gre et entier. Il a ouvert les portes \u00e0 des milliers de jeunes chaouis qui poursuivent\u00a0aujourd&rsquo;hui son combat. Dates cl\u00e9s&#8230; 1943\u00a0 Naissance de M. Ammar Negadi \u00e0 Thamerwant &#8211; Batna dans les Aur\u00e8s. 1966\u00a0 Ammar Negadi fut l&rsquo;un des premiers membres de &hellip;<\/p>\n","protected":false},"author":1,"featured_media":962,"parent":0,"menu_order":0,"comment_status":"closed","ping_status":"closed","template":"","meta":{"spay_email":""},"yoast_head":"\n<title>Qui est Ammar Negadi? | Asadlis Amazigh<\/title>\n<meta name=\"robots\" content=\"index, follow, max-snippet:-1, max-image-preview:large, max-video-preview:-1\" \/>\n<link rel=\"canonical\" href=\"https:\/\/www.asadlis-amazigh.com\/fr\/qui-est-ammar-negadi\/\" \/>\n<meta property=\"og:locale\" content=\"fr_FR\" \/>\n<meta property=\"og:type\" content=\"article\" \/>\n<meta property=\"og:title\" content=\"Qui est Ammar Negadi? | Asadlis Amazigh\" \/>\n<meta property=\"og:description\" content=\"Ammar Negadi est le pionnier du militantisme amazigh dans les Aur\u00e8s. Homme courageux, int\u00e8gre et entier. Il a ouvert les portes \u00e0 des milliers de jeunes chaouis qui poursuivent\u00a0aujourd&rsquo;hui son combat. Dates cl\u00e9s&#8230; 1943\u00a0 Naissance de M. Ammar Negadi \u00e0 Thamerwant &#8211; Batna dans les Aur\u00e8s. 1966\u00a0 Ammar Negadi fut l&rsquo;un des premiers membres de &hellip;\" \/>\n<meta property=\"og:url\" content=\"https:\/\/www.asadlis-amazigh.com\/fr\/qui-est-ammar-negadi\/\" \/>\n<meta property=\"og:site_name\" content=\"Asadlis Amazigh\" \/>\n<meta property=\"article:publisher\" content=\"https:\/\/www.facebook.com\/asadlis.amazigh\" \/>\n<meta property=\"article:modified_time\" content=\"2016-01-21T18:01:50+00:00\" \/>\n<meta property=\"og:image\" content=\"https:\/\/i1.wp.com\/www.asadlis-amazigh.com\/fr\/wp-content\/uploads\/2015\/10\/qui-est-m.-negadi.png?fit=733%2C330&#038;ssl=1\" \/>\n\t<meta property=\"og:image:width\" content=\"733\" \/>\n\t<meta property=\"og:image:height\" content=\"330\" \/>\n<meta name=\"twitter:card\" content=\"summary\" \/>\n<meta name=\"twitter:site\" content=\"@AsadlisAmazigh\" \/>\n<meta name=\"twitter:label1\" content=\"Dur\u00e9e de lecture estim\u00e9e\" \/>\n\t<meta name=\"twitter:data1\" content=\"2 minutes\" \/>\n<script type=\"application\/ld+json\" class=\"yoast-schema-graph\">{\"@context\":\"https:\/\/schema.org\",\"@graph\":[{\"@type\":\"WebSite\",\"@id\":\"https:\/\/www.asadlis-amazigh.com\/fr\/#website\",\"url\":\"https:\/\/www.asadlis-amazigh.com\/fr\/\",\"name\":\"Asadlis Amazigh\",\"description\":\"La biblioth\\u00e8que amazighe\",\"potentialAction\":[{\"@type\":\"SearchAction\",\"target\":{\"@type\":\"EntryPoint\",\"urlTemplate\":\"https:\/\/www.asadlis-amazigh.com\/fr\/?s={search_term_string}\"},\"query-input\":\"required name=search_term_string\"}],\"inLanguage\":\"fr-FR\"},{\"@type\":\"ImageObject\",\"@id\":\"https:\/\/www.asadlis-amazigh.com\/fr\/qui-est-ammar-negadi\/#primaryimage\",\"inLanguage\":\"fr-FR\",\"url\":\"https:\/\/i1.wp.com\/www.asadlis-amazigh.com\/fr\/wp-content\/uploads\/2015\/10\/qui-est-m.-negadi.png?fit=733%2C330&ssl=1\",\"contentUrl\":\"https:\/\/i1.wp.com\/www.asadlis-amazigh.com\/fr\/wp-content\/uploads\/2015\/10\/qui-est-m.-negadi.png?fit=733%2C330&ssl=1\",\"width\":733,\"height\":330},{\"@type\":\"WebPage\",\"@id\":\"https:\/\/www.asadlis-amazigh.com\/fr\/qui-est-ammar-negadi\/#webpage\",\"url\":\"https:\/\/www.asadlis-amazigh.com\/fr\/qui-est-ammar-negadi\/\",\"name\":\"Qui est Ammar Negadi? | Asadlis Amazigh\",\"isPartOf\":{\"@id\":\"https:\/\/www.asadlis-amazigh.com\/fr\/#website\"},\"primaryImageOfPage\":{\"@id\":\"https:\/\/www.asadlis-amazigh.com\/fr\/qui-est-ammar-negadi\/#primaryimage\"},\"datePublished\":\"2015-10-04T15:15:26+00:00\",\"dateModified\":\"2016-01-21T18:01:50+00:00\",\"breadcrumb\":{\"@id\":\"https:\/\/www.asadlis-amazigh.com\/fr\/qui-est-ammar-negadi\/#breadcrumb\"},\"inLanguage\":\"fr-FR\",\"potentialAction\":[{\"@type\":\"ReadAction\",\"target\":[\"https:\/\/www.asadlis-amazigh.com\/fr\/qui-est-ammar-negadi\/\"]}]},{\"@type\":\"BreadcrumbList\",\"@id\":\"https:\/\/www.asadlis-amazigh.com\/fr\/qui-est-ammar-negadi\/#breadcrumb\",\"itemListElement\":[{\"@type\":\"ListItem\",\"position\":1,\"name\":\"Accueil\",\"item\":\"https:\/\/www.asadlis-amazigh.com\/fr\/\"},{\"@type\":\"ListItem\",\"position\":2,\"name\":\"Qui est Ammar Negadi?\"}]}]}<\/script>\n","yoast_head_json":{"title":"Qui est Ammar Negadi? | Asadlis Amazigh","robots":{"index":"index","follow":"follow","max-snippet":"max-snippet:-1","max-image-preview":"max-image-preview:large","max-video-preview":"max-video-preview:-1"},"canonical":"https:\/\/www.asadlis-amazigh.com\/fr\/qui-est-ammar-negadi\/","og_locale":"fr_FR","og_type":"article","og_title":"Qui est Ammar Negadi? | Asadlis Amazigh","og_description":"Ammar Negadi est le pionnier du militantisme amazigh dans les Aur\u00e8s. Homme courageux, int\u00e8gre et entier. Il a ouvert les portes \u00e0 des milliers de jeunes chaouis qui poursuivent\u00a0aujourd&rsquo;hui son combat. Dates cl\u00e9s&#8230; 1943\u00a0 Naissance de M. Ammar Negadi \u00e0 Thamerwant &#8211; Batna dans les Aur\u00e8s. 1966\u00a0 Ammar Negadi fut l&rsquo;un des premiers membres de &hellip;","og_url":"https:\/\/www.asadlis-amazigh.com\/fr\/qui-est-ammar-negadi\/","og_site_name":"Asadlis Amazigh","article_publisher":"https:\/\/www.facebook.com\/asadlis.amazigh","article_modified_time":"2016-01-21T18:01:50+00:00","og_image":[{"width":733,"height":330,"url":"https:\/\/i1.wp.com\/www.asadlis-amazigh.com\/fr\/wp-content\/uploads\/2015\/10\/qui-est-m.-negadi.png?fit=733%2C330&ssl=1","type":"image\/png"}],"twitter_card":"summary","twitter_site":"@AsadlisAmazigh","twitter_misc":{"Dur\u00e9e de lecture estim\u00e9e":"2 minutes"},"schema":{"@context":"https:\/\/schema.org","@graph":[{"@type":"WebSite","@id":"https:\/\/www.asadlis-amazigh.com\/fr\/#website","url":"https:\/\/www.asadlis-amazigh.com\/fr\/","name":"Asadlis Amazigh","description":"La biblioth\u00e8que amazighe","potentialAction":[{"@type":"SearchAction","target":{"@type":"EntryPoint","urlTemplate":"https:\/\/www.asadlis-amazigh.com\/fr\/?s={search_term_string}"},"query-input":"required name=search_term_string"}],"inLanguage":"fr-FR"},{"@type":"ImageObject","@id":"https:\/\/www.asadlis-amazigh.com\/fr\/qui-est-ammar-negadi\/#primaryimage","inLanguage":"fr-FR","url":"https:\/\/i1.wp.com\/www.asadlis-amazigh.com\/fr\/wp-content\/uploads\/2015\/10\/qui-est-m.-negadi.png?fit=733%2C330&ssl=1","contentUrl":"https:\/\/i1.wp.com\/www.asadlis-amazigh.com\/fr\/wp-content\/uploads\/2015\/10\/qui-est-m.-negadi.png?fit=733%2C330&ssl=1","width":733,"height":330},{"@type":"WebPage","@id":"https:\/\/www.asadlis-amazigh.com\/fr\/qui-est-ammar-negadi\/#webpage","url":"https:\/\/www.asadlis-amazigh.com\/fr\/qui-est-ammar-negadi\/","name":"Qui est Ammar Negadi? | Asadlis Amazigh","isPartOf":{"@id":"https:\/\/www.asadlis-amazigh.com\/fr\/#website"},"primaryImageOfPage":{"@id":"https:\/\/www.asadlis-amazigh.com\/fr\/qui-est-ammar-negadi\/#primaryimage"},"datePublished":"2015-10-04T15:15:26+00:00","dateModified":"2016-01-21T18:01:50+00:00","breadcrumb":{"@id":"https:\/\/www.asadlis-amazigh.com\/fr\/qui-est-ammar-negadi\/#breadcrumb"},"inLanguage":"fr-FR","potentialAction":[{"@type":"ReadAction","target":["https:\/\/www.asadlis-amazigh.com\/fr\/qui-est-ammar-negadi\/"]}]},{"@type":"BreadcrumbList","@id":"https:\/\/www.asadlis-amazigh.com\/fr\/qui-est-ammar-negadi\/#breadcrumb","itemListElement":[{"@type":"ListItem","position":1,"name":"Accueil","item":"https:\/\/www.asadlis-amazigh.com\/fr\/"},{"@type":"ListItem","position":2,"name":"Qui est Ammar Negadi?"}]}]}},"jetpack_shortlink":"https:\/\/wp.me\/P77MJL-T","_links":{"self":[{"href":"https:\/\/www.asadlis-amazigh.com\/fr\/wp-json\/wp\/v2\/pages\/55"}],"collection":[{"href":"https:\/\/www.asadlis-amazigh.com\/fr\/wp-json\/wp\/v2\/pages"}],"about":[{"href":"https:\/\/www.asadlis-amazigh.com\/fr\/wp-json\/wp\/v2\/types\/page"}],"author":[{"embeddable":true,"href":"https:\/\/www.asadlis-amazigh.com\/fr\/wp-json\/wp\/v2\/users\/1"}],"replies":[{"embeddable":true,"href":"https:\/\/www.asadlis-amazigh.com\/fr\/wp-json\/wp\/v2\/comments?post=55"}],"version-history":[{"count":10,"href":"https:\/\/www.asadlis-amazigh.com\/fr\/wp-json\/wp\/v2\/pages\/55\/revisions"}],"predecessor-version":[{"id":988,"href":"https:\/\/www.asadlis-amazigh.com\/fr\/wp-json\/wp\/v2\/pages\/55\/revisions\/988"}],"wp:featuredmedia":[{"embeddable":true,"href":"https:\/\/www.asadlis-amazigh.com\/fr\/wp-json\/wp\/v2\/media\/962"}],"wp:attachment":[{"href":"https:\/\/www.asadlis-amazigh.com\/fr\/wp-json\/wp\/v2\/media?parent=55"}],"curies":[{"name":"wp","href":"https:\/\/api.w.org\/{rel}","templated":true}]}}