{"id":52,"date":"2015-10-04T16:02:45","date_gmt":"2015-10-04T15:02:45","guid":{"rendered":"http:\/\/www.asadlis-amazigh.com\/fr\/?page_id=52"},"modified":"2016-01-13T13:19:13","modified_gmt":"2016-01-13T12:19:13","slug":"le-projet-asadlis-amazigh","status":"publish","type":"page","link":"https:\/\/www.asadlis-amazigh.com\/fr\/le-projet-asadlis-amazigh\/","title":{"rendered":"Le projet &lsquo; Asadlis-Amazigh &lsquo;"},"content":{"rendered":"<p style=\"text-align: justify;\"><strong>Asadlis Amazigh, la culture \u00e0 la port\u00e9e de tous.<\/strong><\/p>\n<p style=\"text-align: justify;\">Dans un monde ultra connect\u00e9, r\u00e9duit par internet et les nouvelles technologies \u00e0 un simple petit village o\u00f9 l\u2019information circule librement et instantan\u00e9ment, il est primordial de ma\u00eetriser les technologies de l\u2019information afin d\u2019ouvrir de nouveaux horizons \u00e0 notre culture.\u00a0 Sites, blogs, WebTV, WebRadio ou encore les r\u00e9seaux sociaux, tous les moyens sont bons pour diffuser du contenu rapidement et largement.\u00a0<em>Asadlis Umdhin Amazigh<\/em>, litt\u00e9ralement \u00ab\u00a0biblioth\u00e8que num\u00e9rique amazighe\u00a0\u00bb, s\u2019inscrit dans cette dynamique de num\u00e9risation de la culture amazighe.<\/p>\n<p style=\"text-align: justify;\"><strong>Le d\u00e9but<\/strong><\/p>\n<p style=\"text-align: justify;\">Quand vous recherchez des livres sur l\u2019histoire et la culture\u00a0amazighe et (particuli\u00e8rement) chaouie, vous \u00eates rapidement confront\u00e9 \u00e0 la raret\u00e9 des r\u00e9f\u00e9rences sous format num\u00e9rique. De plus, ces e-book sont dispatch\u00e9s sur plusieurs sites, blogs, (etc.) Parfois, pour les t\u00e9l\u00e9charger, il faut passer par des plates-formes de t\u00e9l\u00e9chargement qui monnaient leurs services ou bien qui sont infest\u00e9es de publicit\u00e9 et de programmes malveillants. Ce parcours du combattant finit g\u00e9n\u00e9ralement par refroidir l\u2019enthousiasme des plus motiv\u00e9s d\u2019entre vous.<\/p>\n<p style=\"text-align: justify;\">L\u2019id\u00e9e de\u00a0<em>Asadlis-Amazigh<\/em>\u00a0\u00e9tait, dans un premier temps, de collecter et de regrouper tous les livres num\u00e9riques dans un unique endroit, facilitant aux int\u00e9ress\u00e9s, le travail de recherche, de consultation et de t\u00e9l\u00e9chargement des livres. En somme, une v\u00e9ritable plate-forme \u00e9ducative s\u00e9curis\u00e9e, proposant des ouvrages \u00e9lectroniques relatifs \u00e0 notre culture.<\/p>\n<p style=\"text-align: justify;\">C\u2019est ainsi que la premi\u00e8re version de\u00a0<em>Asadlis-Amazigh<\/em>\u00a0voit le jour, d\u00e9but 2013, apr\u00e8s des mois de travail divis\u00e9 entre la collecte des livres num\u00e9riques et la r\u00e9alisation du site. La biblioth\u00e8que amazighe comportait \u00e0 l\u2019\u00e9poque quelque 100 livres dispos\u00e9s dans trois sections\u00a0:<\/p>\n<ul style=\"text-align: justify;\">\n<li>La premi\u00e8re en Amazigh, totalement \u00e9crite en tifinagh, elle comporte les livres \u00e9crits en langue Amazighe.<\/li>\n<li>La deuxi\u00e8me en arabe, pour pr\u00e9senter les livres \u00e9crits en langue arabe.<\/li>\n<li>La derni\u00e8re en langue fran\u00e7aise, o\u00f9 sont r\u00e9pertori\u00e9s tous les ouvrages \u00e9dit\u00e9s dans cette langue.<\/li>\n<\/ul>\n<p style=\"text-align: justify;\"><em>Asadlis-Amazigh<\/em>\u00a0est d\u00e9di\u00e9 \u00e0 feu Ammar Negadi, personnage important du militantisme amazigh dans les Aur\u00e8s. Ami de mes parents, je l\u2019ai connu quelques ann\u00e9es avant son d\u00e9c\u00e8s. En effet, Ammar voulait cr\u00e9er et diriger une biblioth\u00e8que publique et gratuite \u00e0 Batna, o\u00f9 ses 1 500 livres constitueraient le fonds de d\u00e9part. En 2005, il recherchait local au centre-ville afin de faciliter son acc\u00e8s aux jeunes d\u00e9favoris\u00e9s, nombreux dans la ville. Malheureusement, la mort l\u2019a surpris et elle a \u00e9t\u00e9 plus rapide que ses projets. \u00a0<em>Asadlis Amazigh<\/em>\u00a0est, en quelque sorte, la r\u00e9alisation des souhaits de Ammar Negadi, qui \u00e9taient de mettre gratuitement et \u00e0 la disposition du plus grand nombre une biblioth\u00e8que de partage et de diffusion de la culture. Le site \u00e9tait\u00a0\u00e9galement d\u00e9di\u00e9 au d\u00e9partement de Tamazighth fra\u00eechement cr\u00e9e -\u00e0 l\u2019\u00e9poque, 2013- \u00e0 l\u2019universit\u00e9 de Batna, pour faire face au manque cruel de r\u00e9f\u00e9rences sur le sujet au sein de la biblioth\u00e8que universitaire et aider les jeunes \u00e9tudiants dans leurs travaux de recherche.<\/p>\n<p style=\"text-align: justify;\"><strong>La rencontre avec Djemaa Djoghlal<\/strong><\/p>\n<p style=\"text-align: justify;\">Fin 2014, j\u2019ai rencontr\u00e9 Djemaa Djoghlal, une militante que je connaissais par ses articles et ses publications dont certaines \u00e9taient r\u00e9alis\u00e9es en partenariat avec Ammar Nagadi, notamment sur le site\u00a0: <a href=\"http:\/\/aureschaouia.free.fr\/\">AuresChaouia.free.fr<\/a> (Premier site chaoui, cr\u00e9e et administr\u00e9 par Abderahmane Bouali). Avant son d\u00e9c\u00e8s, Ammar Negadi, avec l\u2019accord et en pr\u00e9sence de ses quatre enfants, avait charg\u00e9 Djema\u00e2 de r\u00e9aliser ses projets en emmenant, malgr\u00e9 tous les obstacles, ses livres \u00e0 Batna. En octobre 2012, elle prend contact avec le Recteur de l\u2019Universit\u00e9 de Batna, pour proposer le fonds de Ammar \u00e0 la biblioth\u00e8que universitaire, il serait conserv\u00e9 pour toujours et il serait accessible au plus grand nombre d\u2019\u00e9tudiants sur une plus longue p\u00e9riode. Elle-m\u00eame avait constitu\u00e9, durant 30 ans, une biblioth\u00e8que personnelle de plus de 4000 ouvrages concernant l\u2019histoire, l\u2019anthropologie, l\u2019arch\u00e9ologie et la sociologie ayant trait \u00e0 la r\u00e9gion des Aur\u00e8s, ainsi qu\u2019une partie se rapportant \u00e0 la litt\u00e9rature alg\u00e9rienne et nord-africaine en g\u00e9n\u00e9ral. L\u2019accueil positif de Monsieur le Recteur et des deux Vices Recteurs de l\u2019\u00e9poque\u00a0a motiv\u00e9 Djema\u00e2 pour joindre sa collection de livres sur les Aur\u00e8s, ainsi que ceux concernant la R\u00e9volution alg\u00e9rienne (1500), des journaux de cette \u00e9poque (entre 300 \u00e0 400) et des documents d\u2019archives historiques (plus de 400).<\/p>\n<p>Malheureusement, la complexit\u00e9 de l\u2019administration alg\u00e9rienne et l\u2019enclavement de Batna ont compliqu\u00e9 la r\u00e9alisation de ce projet reliant les deux fonds. Les complications administratives qui durent depuis novembre 2012, si elles furent des handicaps pour la r\u00e9alisation, elles furent l\u2019occasion \u00e0 saisir pour enrichir le projet de <em>Asadlis-Amazigh<\/em>. Voulant \u00ab\u00a0profiter\u00a0\u00bb de ces\u00a0blocages administratifs,\u00a0j\u2019ai pr\u00e9sent\u00e9 \u00e0 Djemaa le site\u00a0<em>Asadlis-Amazigh<\/em>\u00a0et lui ai demand\u00e9 son accord afin de sauvegarder num\u00e9riquement quelques livres rares, tir\u00e9s de sa collection priv\u00e9e qu\u2019elle conserve ou du lot\u00a0destin\u00e9 \u00e0 l\u2019Universit\u00e9 de Batna. Le but \u00e9tant de les scanner pour en pr\u00e9server des\u00a0copies num\u00e9riques susceptibles d\u2019\u00eatre propos\u00e9es au grand public via \u00a0<em>Asadlis-Amazigh,<\/em>\u00a0avant que ces livres n\u2019arrivent dans l\u2019espace restreint auquel ils sont destin\u00e9s. Djemaa a tout de suite accept\u00e9 l\u2019id\u00e9e, surtout,\u00a0que\u00a0<em>Asadlis-Amazigh<\/em>\u00a0rendait hommage \u00e0 Ammar, avec qui elle avait milit\u00e9 et port\u00e9 le projet de dons. Ayant son accord, il fallait trouver le moyen technique le plus professionnel pour scanner les livres choisis dans un format adapt\u00e9 aux attentes des lecteurs. Pour cela, il me fallait de l\u2019argent, beaucoup d\u2019argent\u00a0!!!<\/p>\n<p style=\"text-align: justify;\"><strong>Thwiza, la solidarit\u00e9 sur le net<\/strong><\/p>\n<p style=\"text-align: justify;\">D\u00e9but de l\u2019ann\u00e9e 2015, j\u2019avais lanc\u00e9 avec mes amis -avec qui nous cr\u00e9erons\u00a0plus tard le site <em>Inumiden.com<\/em>-, un appel aux dons sur les r\u00e9seaux sociaux qui fut un succ\u00e8s total. En effet, c\u2019\u00e9tait la premi\u00e8re Twiza, ou appel \u00e0 la solidarit\u00e9, en son genre lanc\u00e9 sur Facebook, elle visait \u00e0 collecter de l\u2019argent pour acheter le mat\u00e9riel n\u00e9cessaire pour la num\u00e9risation. Cette op\u00e9ration a suscit\u00e9 un engouement sans pr\u00e9c\u00e9dent, dans un v\u00e9ritable \u00e9lan de solidarit\u00e9, des dizaines de personnes \u00e0 travers le monde, Alg\u00e9rie, France, Suisses, Royaume-Uni et Canada ont r\u00e9pondu \u00e0 notre appel, chacun selon ses moyens allant de 5\u20ac \u00e0 1000\u20ac (vers\u00e9s par un habitant du Canada et qui souhaite garder l\u2019anonymat). Les sommes r\u00e9colt\u00e9es ont \u00e9t\u00e9 au-del\u00e0 de nos esp\u00e9rances, en fait, nous avions\u00a0fix\u00e9, lors de notre appel aux dons, la\u00a0somme de 1500\u20ac pour l\u2019achat d\u2019un scanner derni\u00e8re g\u00e9n\u00e9ration + PC pour le traitement des livres + accessoires de stockage\u2026 et nous nous sommes retrouv\u00e9s avec plus de 2100\u20ac, et\u00a0cela\u00a0malgr\u00e9 notre annonce\u00a0de fin de collecte.\u00a0Des donateurs ont continu\u00e9 \u00e0 nous\u00a0contacter pour savoir s\u2019ils pouvaient encore contribuer financi\u00e8rement. Cet appel aux dons m\u2019a permis de comprendre que malgr\u00e9 les difficult\u00e9s financi\u00e8res, il y a des gens pr\u00eats \u00e0 s\u2019engager financi\u00e8rement pour contribuer \u00e0 la r\u00e9alisation de projets, jug\u00e9s porteurs pour notre culture.<\/p>\n<p style=\"text-align: justify;\"><strong>Travaux de num\u00e9risation<\/strong><\/p>\n<p style=\"text-align: justify;\">Le temps nous \u00e9tait compt\u00e9, \u00e0 tout moment, Djemaa pouvait recevoir le feu vert pour envoyer les livres en Alg\u00e9rie et le projet risquait de tomber \u00e0 l\u2019eau \u00e0 tout moment.\u00a0J\u2019ai pris mes cong\u00e9s,\u00a0j\u2019ai proc\u00e9d\u00e9 \u00e0 l\u2019achat du mat\u00e9riel et me suis d\u00e9plac\u00e9 plusieurs fois \u00e0 Paris pour rendre \u00e0 Djemaa les ouvrages scann\u00e9s et en chercher d\u2019autres. On avait \u00e9tabli une liste des livres les plus importants et les plus rares, quelques-uns\u00a0ayant une valeur marchande de plusieurs centaines d\u2019Euros, \u00e0 cause de leur anciennet\u00e9 donc de leur raret\u00e9. Certains rel\u00e8vent du domaine public et seront donc directement publi\u00e9s sur ce site, d\u2019autres sont encore prot\u00e9g\u00e9s, nous les avons sauvegard\u00e9s pour le jour o\u00f9 ils pourront \u00eatre publi\u00e9s sur\u00a0<em>Asadlis-Amazigh<\/em>.<\/p>\n<p style=\"text-align: justify;\">Chaque livre n\u00e9cessitait en moyenne une dizaine d\u2019heures de travail, entre le scan et le traitement num\u00e9rique post-scan pour le mettre dans un format e-book. Au total, apr\u00e8s plusieurs mois de travail acharn\u00e9\u00a0et\u00a0d\u2019efforts consentis, 236 livres ont \u00e9t\u00e9 sauvegard\u00e9s pour \u00eatre mis \u00e0 la disposition du grand public. Il s\u2019agit essentiellement d\u2019ouvrages historiques, arch\u00e9ologiques, r\u00e9cits de voyages et \u00e9tudes sociologiques et linguistiques, m\u00e9moires \u2026 qui concernent la r\u00e9gion des Aur\u00e8s et toute l\u2019Afrique du Nord en g\u00e9n\u00e9ral.<\/p>\n<p style=\"text-align: justify;\"><strong>Et maintenant\u2026<\/strong><\/p>\n<p style=\"text-align: justify;\">La nouvelle version 3.0 de\u00a0<em>Asadlis-Amazigh<\/em>\u00a0vient de voir le jour avec son lot de nouvelles fonctionnalit\u00e9s, offrant une meilleure exp\u00e9rience utilisateur quel que soit le support utilis\u00e9. Cette version verra petit \u00e0 petit, l\u2019ajout des nouveaux livres issus de la biblioth\u00e8que de Djemaa, du moins ceux qui sont dans le domaine public. L\u2019argent r\u00e9colt\u00e9 a servi \u00e0 l\u2019achat du mat\u00e9riel n\u00e9cessaire pour le projet et sert \u00e0 financer le site (payer l\u2019abonnement et les diff\u00e9rents services).<\/p>\n<p style=\"text-align: justify;\"><em>Asadlis-Amazigh<\/em>\u00a0est une biblioth\u00e8que destin\u00e9e \u00e0 tous\u00a0les amoureux de la culture amazighe, il leur appartient de l\u2019enrichir avec des\u00a0ouvrages en leur possession et que nous sommes en droit de publier. Certains d\u2019entre vous ont compris ce concept et ont d\u00e9j\u00e0 commenc\u00e9 \u00e0 scanner des livres de leurs biblioth\u00e8ques pour me les faire parvenir.<\/p>\n<p style=\"text-align: justify;\">En ce qui concerne le mat\u00e9riel achet\u00e9, il continuera \u00e0 servir le projet\u00a0<em>Asadlis-Amazigh<\/em>. La prochaine \u00e9tape, c\u2019est de scanner une bonne centaine de livres de la biblioth\u00e8que priv\u00e9e de mon p\u00e8re, Saci ABDI, une autre grande figure du militantisme identitaire dans les Aur\u00e8s et chercheur en culture et histoire amazighe. La liste des livres n\u2019est pas encore clairement \u00e9tablie, mais nous savons d\u00e9j\u00e0 qu\u2019il y aura beaucoup de livres in\u00e9dits et surtout des livres qui sont du domaine public. Ce mat\u00e9riel pourra ensuite servir \u00e0 qui que ce soit disposant d\u2019un fonds de livre \u00e0 scanner.<\/p>\n<p style=\"text-align: justify;\">Je tiens \u00e9norm\u00e9ment \u00e0 remercier toutes celles et tous ceux qui ont fait de ce projet\u00a0une r\u00e9ussite\u00a0;<\/p>\n<ul style=\"text-align: justify;\">\n<li>Djemaa Djoghlal, pour la mise \u00e0 disposition de sa biblioth\u00e8que, ses conseils et ses encouragements.<\/li>\n<li>Tous les contributeurs, tous ceux qui nous ont fait confiance en nous confiant leur argent, quel qu\u2019en soit le montant vers\u00e9.<\/li>\n<li>Mes fr\u00e8res, avec qui on forme l\u2019\u00e9quipe\u00a0<em>Inumiden<\/em>, Jugurtha Hannachi,\u00a0Nadjib Yahia et Fouad Gasmi. Pour le lancement de l\u2019appel de collecte d\u2019argent, leur aide et leurs encouragements.<\/li>\n<li>Pour ma m\u00e8re, <em>Yemmes n w-awres,<\/em> sur qui repose la traduction int\u00e9grale de\u00a0<em>Asadlis-Amazigh\u00a0<\/em>dans sa version amazighe (tifinagh), son soutien et ses encouragements.<\/li>\n<li>Pour toutes celles et tous ceux qui ont pris l\u2019initiative de me proposer des e-book ou des livres scann\u00e9s afin de les ajouter \u00e0\u00a0<em>Asadlis-Amazigh.<\/em><\/li>\n<\/ul>\n<p style=\"text-align: justify;\">Toutes celles et tous ceux qui m\u2019ont\u00a0soutenu et encourag\u00e9 pendant la r\u00e9alisation de ce projet.<\/p>\n<p><strong>Bassem ABDI<\/strong><\/p>\n","protected":false},"excerpt":{"rendered":"<p>Asadlis Amazigh, la culture \u00e0 la port\u00e9e de tous. Dans un monde ultra connect\u00e9, r\u00e9duit par internet et les nouvelles technologies \u00e0 un simple petit village o\u00f9 l\u2019information circule librement et instantan\u00e9ment, il est primordial de ma\u00eetriser les technologies de l\u2019information afin d\u2019ouvrir de nouveaux horizons \u00e0 notre culture.\u00a0 Sites, blogs, WebTV, WebRadio ou encore &hellip;<\/p>\n","protected":false},"author":1,"featured_media":959,"parent":0,"menu_order":0,"comment_status":"closed","ping_status":"closed","template":"","meta":{"spay_email":""},"yoast_head":"\n<title>Le projet &#039; Asadlis-Amazigh &#039; | Asadlis Amazigh<\/title>\n<meta name=\"description\" content=\"Asadlis-Amazigh, la culture \u00e0 la port\u00e9e de tous.Dans un monde ultra connect\u00e9, r\u00e9duit par internet et les nouvelles technologies \u00e0 un simple petit village o\u00f9 l\u2019information circule librement et instantan\u00e9ment, il est primordial de ma\u00eetriser les technologies de l\u2019information afin d\u2019ouvrir de nouveaux horizons \u00e0 notre culture. \u00a0Sites, blogs, WebTV, WebRadio ou encore les r\u00e9seaux sociaux, tous les moyens sont bons pour diffuser\" \/>\n<meta name=\"robots\" content=\"index, follow, max-snippet:-1, max-image-preview:large, max-video-preview:-1\" \/>\n<link rel=\"canonical\" href=\"https:\/\/www.asadlis-amazigh.com\/fr\/le-projet-asadlis-amazigh\/\" \/>\n<meta property=\"og:locale\" content=\"fr_FR\" \/>\n<meta property=\"og:type\" content=\"article\" \/>\n<meta property=\"og:title\" content=\"Le projet &#039; Asadlis-Amazigh &#039; | Asadlis Amazigh\" \/>\n<meta property=\"og:description\" content=\"Asadlis-Amazigh, la culture \u00e0 la port\u00e9e de tous.Dans un monde ultra connect\u00e9, r\u00e9duit par internet et les nouvelles technologies \u00e0 un simple petit village o\u00f9 l\u2019information circule librement et instantan\u00e9ment, il est primordial de ma\u00eetriser les technologies de l\u2019information afin d\u2019ouvrir de nouveaux horizons \u00e0 notre culture. \u00a0Sites, blogs, WebTV, WebRadio ou encore les r\u00e9seaux sociaux, tous les moyens sont bons pour diffuser\" \/>\n<meta property=\"og:url\" content=\"https:\/\/www.asadlis-amazigh.com\/fr\/le-projet-asadlis-amazigh\/\" \/>\n<meta property=\"og:site_name\" content=\"Asadlis Amazigh\" \/>\n<meta property=\"article:publisher\" content=\"https:\/\/www.facebook.com\/asadlis.amazigh\" \/>\n<meta property=\"article:modified_time\" content=\"2016-01-13T12:19:13+00:00\" \/>\n<meta property=\"og:image\" content=\"https:\/\/i0.wp.com\/www.asadlis-amazigh.com\/fr\/wp-content\/uploads\/2015\/10\/le-projet-asadlis.png?fit=660%2C330&#038;ssl=1\" \/>\n\t<meta property=\"og:image:width\" content=\"660\" \/>\n\t<meta property=\"og:image:height\" content=\"330\" \/>\n<meta name=\"twitter:card\" content=\"summary\" \/>\n<meta name=\"twitter:site\" content=\"@AsadlisAmazigh\" \/>\n<meta name=\"twitter:label1\" content=\"Dur\u00e9e de lecture estim\u00e9e\" \/>\n\t<meta name=\"twitter:data1\" content=\"9 minutes\" \/>\n<script type=\"application\/ld+json\" class=\"yoast-schema-graph\">{\"@context\":\"https:\/\/schema.org\",\"@graph\":[{\"@type\":\"WebSite\",\"@id\":\"https:\/\/www.asadlis-amazigh.com\/fr\/#website\",\"url\":\"https:\/\/www.asadlis-amazigh.com\/fr\/\",\"name\":\"Asadlis Amazigh\",\"description\":\"La biblioth\\u00e8que amazighe\",\"potentialAction\":[{\"@type\":\"SearchAction\",\"target\":{\"@type\":\"EntryPoint\",\"urlTemplate\":\"https:\/\/www.asadlis-amazigh.com\/fr\/?s={search_term_string}\"},\"query-input\":\"required name=search_term_string\"}],\"inLanguage\":\"fr-FR\"},{\"@type\":\"ImageObject\",\"@id\":\"https:\/\/www.asadlis-amazigh.com\/fr\/le-projet-asadlis-amazigh\/#primaryimage\",\"inLanguage\":\"fr-FR\",\"url\":\"https:\/\/i0.wp.com\/www.asadlis-amazigh.com\/fr\/wp-content\/uploads\/2015\/10\/le-projet-asadlis.png?fit=660%2C330&ssl=1\",\"contentUrl\":\"https:\/\/i0.wp.com\/www.asadlis-amazigh.com\/fr\/wp-content\/uploads\/2015\/10\/le-projet-asadlis.png?fit=660%2C330&ssl=1\",\"width\":660,\"height\":330},{\"@type\":\"WebPage\",\"@id\":\"https:\/\/www.asadlis-amazigh.com\/fr\/le-projet-asadlis-amazigh\/#webpage\",\"url\":\"https:\/\/www.asadlis-amazigh.com\/fr\/le-projet-asadlis-amazigh\/\",\"name\":\"Le projet ' Asadlis-Amazigh ' | Asadlis Amazigh\",\"isPartOf\":{\"@id\":\"https:\/\/www.asadlis-amazigh.com\/fr\/#website\"},\"primaryImageOfPage\":{\"@id\":\"https:\/\/www.asadlis-amazigh.com\/fr\/le-projet-asadlis-amazigh\/#primaryimage\"},\"datePublished\":\"2015-10-04T15:02:45+00:00\",\"dateModified\":\"2016-01-13T12:19:13+00:00\",\"description\":\"Asadlis-Amazigh, la culture \\u00e0 la port\\u00e9e de tous.Dans un monde ultra connect\\u00e9, r\\u00e9duit par internet et les nouvelles technologies \\u00e0 un simple petit village o\\u00f9 l\\u2019information circule librement et instantan\\u00e9ment, il est primordial de ma\\u00eetriser les technologies de l\\u2019information afin d\\u2019ouvrir de nouveaux horizons \\u00e0 notre culture. \\u00a0Sites, blogs, WebTV, WebRadio ou encore les r\\u00e9seaux sociaux, tous les moyens sont bons pour diffuser\",\"breadcrumb\":{\"@id\":\"https:\/\/www.asadlis-amazigh.com\/fr\/le-projet-asadlis-amazigh\/#breadcrumb\"},\"inLanguage\":\"fr-FR\",\"potentialAction\":[{\"@type\":\"ReadAction\",\"target\":[\"https:\/\/www.asadlis-amazigh.com\/fr\/le-projet-asadlis-amazigh\/\"]}]},{\"@type\":\"BreadcrumbList\",\"@id\":\"https:\/\/www.asadlis-amazigh.com\/fr\/le-projet-asadlis-amazigh\/#breadcrumb\",\"itemListElement\":[{\"@type\":\"ListItem\",\"position\":1,\"name\":\"Accueil\",\"item\":\"https:\/\/www.asadlis-amazigh.com\/fr\/\"},{\"@type\":\"ListItem\",\"position\":2,\"name\":\"Le projet &lsquo; Asadlis-Amazigh &lsquo;\"}]}]}<\/script>\n","yoast_head_json":{"title":"Le projet ' Asadlis-Amazigh ' | Asadlis Amazigh","description":"Asadlis-Amazigh, la culture \u00e0 la port\u00e9e de tous.Dans un monde ultra connect\u00e9, r\u00e9duit par internet et les nouvelles technologies \u00e0 un simple petit village o\u00f9 l\u2019information circule librement et instantan\u00e9ment, il est primordial de ma\u00eetriser les technologies de l\u2019information afin d\u2019ouvrir de nouveaux horizons \u00e0 notre culture. \u00a0Sites, blogs, WebTV, WebRadio ou encore les r\u00e9seaux sociaux, tous les moyens sont bons pour diffuser","robots":{"index":"index","follow":"follow","max-snippet":"max-snippet:-1","max-image-preview":"max-image-preview:large","max-video-preview":"max-video-preview:-1"},"canonical":"https:\/\/www.asadlis-amazigh.com\/fr\/le-projet-asadlis-amazigh\/","og_locale":"fr_FR","og_type":"article","og_title":"Le projet ' Asadlis-Amazigh ' | Asadlis Amazigh","og_description":"Asadlis-Amazigh, la culture \u00e0 la port\u00e9e de tous.Dans un monde ultra connect\u00e9, r\u00e9duit par internet et les nouvelles technologies \u00e0 un simple petit village o\u00f9 l\u2019information circule librement et instantan\u00e9ment, il est primordial de ma\u00eetriser les technologies de l\u2019information afin d\u2019ouvrir de nouveaux horizons \u00e0 notre culture. \u00a0Sites, blogs, WebTV, WebRadio ou encore les r\u00e9seaux sociaux, tous les moyens sont bons pour diffuser","og_url":"https:\/\/www.asadlis-amazigh.com\/fr\/le-projet-asadlis-amazigh\/","og_site_name":"Asadlis Amazigh","article_publisher":"https:\/\/www.facebook.com\/asadlis.amazigh","article_modified_time":"2016-01-13T12:19:13+00:00","og_image":[{"width":660,"height":330,"url":"https:\/\/i0.wp.com\/www.asadlis-amazigh.com\/fr\/wp-content\/uploads\/2015\/10\/le-projet-asadlis.png?fit=660%2C330&ssl=1","type":"image\/png"}],"twitter_card":"summary","twitter_site":"@AsadlisAmazigh","twitter_misc":{"Dur\u00e9e de lecture estim\u00e9e":"9 minutes"},"schema":{"@context":"https:\/\/schema.org","@graph":[{"@type":"WebSite","@id":"https:\/\/www.asadlis-amazigh.com\/fr\/#website","url":"https:\/\/www.asadlis-amazigh.com\/fr\/","name":"Asadlis Amazigh","description":"La biblioth\u00e8que amazighe","potentialAction":[{"@type":"SearchAction","target":{"@type":"EntryPoint","urlTemplate":"https:\/\/www.asadlis-amazigh.com\/fr\/?s={search_term_string}"},"query-input":"required name=search_term_string"}],"inLanguage":"fr-FR"},{"@type":"ImageObject","@id":"https:\/\/www.asadlis-amazigh.com\/fr\/le-projet-asadlis-amazigh\/#primaryimage","inLanguage":"fr-FR","url":"https:\/\/i0.wp.com\/www.asadlis-amazigh.com\/fr\/wp-content\/uploads\/2015\/10\/le-projet-asadlis.png?fit=660%2C330&ssl=1","contentUrl":"https:\/\/i0.wp.com\/www.asadlis-amazigh.com\/fr\/wp-content\/uploads\/2015\/10\/le-projet-asadlis.png?fit=660%2C330&ssl=1","width":660,"height":330},{"@type":"WebPage","@id":"https:\/\/www.asadlis-amazigh.com\/fr\/le-projet-asadlis-amazigh\/#webpage","url":"https:\/\/www.asadlis-amazigh.com\/fr\/le-projet-asadlis-amazigh\/","name":"Le projet ' Asadlis-Amazigh ' | Asadlis Amazigh","isPartOf":{"@id":"https:\/\/www.asadlis-amazigh.com\/fr\/#website"},"primaryImageOfPage":{"@id":"https:\/\/www.asadlis-amazigh.com\/fr\/le-projet-asadlis-amazigh\/#primaryimage"},"datePublished":"2015-10-04T15:02:45+00:00","dateModified":"2016-01-13T12:19:13+00:00","description":"Asadlis-Amazigh, la culture \u00e0 la port\u00e9e de tous.Dans un monde ultra connect\u00e9, r\u00e9duit par internet et les nouvelles technologies \u00e0 un simple petit village o\u00f9 l\u2019information circule librement et instantan\u00e9ment, il est primordial de ma\u00eetriser les technologies de l\u2019information afin d\u2019ouvrir de nouveaux horizons \u00e0 notre culture. \u00a0Sites, blogs, WebTV, WebRadio ou encore les r\u00e9seaux sociaux, tous les moyens sont bons pour diffuser","breadcrumb":{"@id":"https:\/\/www.asadlis-amazigh.com\/fr\/le-projet-asadlis-amazigh\/#breadcrumb"},"inLanguage":"fr-FR","potentialAction":[{"@type":"ReadAction","target":["https:\/\/www.asadlis-amazigh.com\/fr\/le-projet-asadlis-amazigh\/"]}]},{"@type":"BreadcrumbList","@id":"https:\/\/www.asadlis-amazigh.com\/fr\/le-projet-asadlis-amazigh\/#breadcrumb","itemListElement":[{"@type":"ListItem","position":1,"name":"Accueil","item":"https:\/\/www.asadlis-amazigh.com\/fr\/"},{"@type":"ListItem","position":2,"name":"Le projet &lsquo; Asadlis-Amazigh &lsquo;"}]}]}},"jetpack_shortlink":"https:\/\/wp.me\/P77MJL-Q","_links":{"self":[{"href":"https:\/\/www.asadlis-amazigh.com\/fr\/wp-json\/wp\/v2\/pages\/52"}],"collection":[{"href":"https:\/\/www.asadlis-amazigh.com\/fr\/wp-json\/wp\/v2\/pages"}],"about":[{"href":"https:\/\/www.asadlis-amazigh.com\/fr\/wp-json\/wp\/v2\/types\/page"}],"author":[{"embeddable":true,"href":"https:\/\/www.asadlis-amazigh.com\/fr\/wp-json\/wp\/v2\/users\/1"}],"replies":[{"embeddable":true,"href":"https:\/\/www.asadlis-amazigh.com\/fr\/wp-json\/wp\/v2\/comments?post=52"}],"version-history":[{"count":15,"href":"https:\/\/www.asadlis-amazigh.com\/fr\/wp-json\/wp\/v2\/pages\/52\/revisions"}],"predecessor-version":[{"id":970,"href":"https:\/\/www.asadlis-amazigh.com\/fr\/wp-json\/wp\/v2\/pages\/52\/revisions\/970"}],"wp:featuredmedia":[{"embeddable":true,"href":"https:\/\/www.asadlis-amazigh.com\/fr\/wp-json\/wp\/v2\/media\/959"}],"wp:attachment":[{"href":"https:\/\/www.asadlis-amazigh.com\/fr\/wp-json\/wp\/v2\/media?parent=52"}],"curies":[{"name":"wp","href":"https:\/\/api.w.org\/{rel}","templated":true}]}}